{"id":12794,"date":"2024-10-24T11:13:09","date_gmt":"2024-10-24T11:13:09","guid":{"rendered":"https:\/\/esteribar.org\/esteribar.esp\/?page_id=12794"},"modified":"2024-10-25T09:12:00","modified_gmt":"2024-10-25T09:12:00","slug":"esteribar-bizi-plan-estrategico-del-valle","status":"publish","type":"page","link":"https:\/\/www.esteribar.org\/esteribar.esp\/esteribar-bizi-plan-estrategico-del-valle\/","title":{"rendered":"Esteribar Bizi &#8211; Plan Estrat\u00e9gico del Valle"},"content":{"rendered":"<div class=\"vc_row wpb_row vc_row-fluid\"><div class=\"wpb_column vc_column_container vc_col-sm-12\"><div class=\"vc_column-inner\"><div class=\"wpb_wrapper\">\n\t<div  class=\"wpb_single_image wpb_content_element vc_align_left ovic_vc_custom_671b60e06be1d\">\n\t\t\n\t\t<figure class=\"wpb_wrapper vc_figure\">\n\t\t\t<div class=\"vc_single_image-wrapper   vc_box_border_grey\"><img loading=\"lazy\" decoding=\"async\" width=\"2217\" height=\"434\" src=\"https:\/\/www.esteribar.org\/esteribar.esp\/wp-content\/uploads\/2024\/10\/esteribar-bizi.png\" class=\"vc_single_image-img attachment-full\" alt=\"\" srcset=\"https:\/\/www.esteribar.org\/esteribar.esp\/wp-content\/uploads\/2024\/10\/esteribar-bizi.png 2217w, https:\/\/www.esteribar.org\/esteribar.esp\/wp-content\/uploads\/2024\/10\/esteribar-bizi-300x59.png 300w, https:\/\/www.esteribar.org\/esteribar.esp\/wp-content\/uploads\/2024\/10\/esteribar-bizi-1024x200.png 1024w, https:\/\/www.esteribar.org\/esteribar.esp\/wp-content\/uploads\/2024\/10\/esteribar-bizi-768x150.png 768w, https:\/\/www.esteribar.org\/esteribar.esp\/wp-content\/uploads\/2024\/10\/esteribar-bizi-1536x301.png 1536w, https:\/\/www.esteribar.org\/esteribar.esp\/wp-content\/uploads\/2024\/10\/esteribar-bizi-2048x401.png 2048w, https:\/\/www.esteribar.org\/esteribar.esp\/wp-content\/uploads\/2024\/10\/esteribar-bizi-600x117.png 600w\" sizes=\"auto, (max-width: 2217px) 100vw, 2217px\" \/><\/div>\n\t\t<\/figure>\n\t<\/div>\n\n\t<div class=\"wpb_text_column wpb_content_element ovic_vc_custom_671b60e06be20 \" >\n\t\t<div class=\"wpb_wrapper\">\n\t\t\t<h6 style=\"text-align: center;\">PLAN ESTRAT\u00c9GICO DEL VALLE<\/h6>\n\n\t\t<\/div>\n\t<\/div>\n<\/div><\/div><\/div><\/div><div class=\"vc_row wpb_row vc_row-fluid vc_custom_1729768165865 vc_row-has-fill vc_column-gap-20 vc_row-o-content-bottom vc_row-flex ovic_vc_custom_671b60e06be21 vc_custom_1729768165865\"><div class=\"wpb_column vc_column_container vc_col-sm-6 ovic_vc_custom_671b60e06be22\"><div class=\"vc_column-inner\"><div class=\"wpb_wrapper\">\n\t<div class=\"wpb_text_column wpb_content_element ovic_vc_custom_671b60e06be23 \" >\n\t\t<div class=\"wpb_wrapper\">\n\t\t\t<h3>\u00bfQu\u00e9 es el plan?<\/h3>\n<p>Esteribar Bizi es un plan estrat\u00e9gico impulsado por el Ayuntamiento del Valle de Esteribar con el objetivo de dise\u00f1ar y construir el futuro del valle de manera conjunta con sus habitantes. El plan, que se desarrollar\u00e1 durante los pr\u00f3ximos 15 a\u00f1os, surge de la necesidad de abordar los principales desaf\u00edos y oportunidades a los que se enfrenta el valle, teniendo como pilares clave la vivienda, el empleo, los servicios p\u00fablicos y la energ\u00eda y el medioambiente.<\/p>\n<p>Este plan no solo busca dar respuesta a las demandas actuales, sino tambi\u00e9n anticiparse a los retos futuros que impactar\u00e1n en la calidad de vida de los habitantes de Esteribar. A trav\u00e9s de un enfoque participativo y sostenible, Esteribar Bizi pretende ser un catalizador para el cambio, permitiendo que la comunidad defina de forma conjunta las pol\u00edticas que guiar\u00e1n el valle hacia un futuro m\u00e1s pr\u00f3spero y equilibrado.<\/p>\n<p>El Ayuntamiento ha decidido que la ciudadan\u00eda tenga un papel activo en este proceso. A lo largo de los pr\u00f3ximos meses, se recoger\u00e1n ideas y propuestas que ayudar\u00e1n a definir el plan definitivo, el cual se implementar\u00e1 durante 2025. Este enfoque permite construir un valle donde la mejora en la calidad de vida, el crecimiento econ\u00f3mico, y el respeto al entorno natural sean los pilares fundamentales del desarrollo futuro.<\/p>\n\n\t\t<\/div>\n\t<\/div>\n<\/div><\/div><\/div><div class=\"wpb_column vc_column_container vc_col-sm-6\"><div class=\"vc_column-inner\"><div class=\"wpb_wrapper\">\n\t<div  class=\"wpb_single_image wpb_content_element vc_align_left ovic_vc_custom_671b60e06be24\">\n\t\t\n\t\t<figure class=\"wpb_wrapper vc_figure\">\n\t\t\t<div class=\"vc_single_image-wrapper   vc_box_border_grey\"><img loading=\"lazy\" decoding=\"async\" width=\"1920\" height=\"1280\" src=\"https:\/\/www.esteribar.org\/esteribar.esp\/wp-content\/uploads\/2024\/10\/ilarratzD.jpg\" class=\"vc_single_image-img attachment-full\" alt=\"\" srcset=\"https:\/\/www.esteribar.org\/esteribar.esp\/wp-content\/uploads\/2024\/10\/ilarratzD.jpg 1920w, https:\/\/www.esteribar.org\/esteribar.esp\/wp-content\/uploads\/2024\/10\/ilarratzD-300x200.jpg 300w, https:\/\/www.esteribar.org\/esteribar.esp\/wp-content\/uploads\/2024\/10\/ilarratzD-1024x683.jpg 1024w, https:\/\/www.esteribar.org\/esteribar.esp\/wp-content\/uploads\/2024\/10\/ilarratzD-768x512.jpg 768w, https:\/\/www.esteribar.org\/esteribar.esp\/wp-content\/uploads\/2024\/10\/ilarratzD-1536x1024.jpg 1536w, https:\/\/www.esteribar.org\/esteribar.esp\/wp-content\/uploads\/2024\/10\/ilarratzD-600x400.jpg 600w\" sizes=\"auto, (max-width: 1920px) 100vw, 1920px\" \/><\/div>\n\t\t<\/figure>\n\t<\/div>\n<\/div><\/div><\/div><\/div><div class=\"vc_row wpb_row vc_row-fluid vc_custom_1729768030726 ovic_vc_custom_671b60e06be25 vc_custom_1729768030726\"><div class=\"wpb_column vc_column_container vc_col-sm-12\"><div class=\"vc_column-inner\"><div class=\"wpb_wrapper\">\n\t<div class=\"wpb_text_column wpb_content_element ovic_vc_custom_671b60e06be26 \" >\n\t\t<div class=\"wpb_wrapper\">\n\t\t\t<h3 style=\"text-align: left;\">\u00bfC\u00f3mo puedo participar?<\/h3>\n<p style=\"text-align: left;\">La participaci\u00f3n ciudadana es el eje central de Esteribar Bizi. Para asegurar que el plan refleje fielmente las necesidades y deseos de la comunidad, se ha creado un proceso participativo abierto a todos los habitantes del valle.<\/p>\n\n\t\t<\/div>\n\t<\/div>\n<div class=\"vc_row wpb_row vc_inner vc_row-fluid\"><div class=\"wpb_column vc_column_container vc_col-sm-6\"><div class=\"vc_column-inner\"><div class=\"wpb_wrapper\"><div class=\"vc_icon_element vc_icon_element-outer ovic_vc_custom_671b60e06be27 vc_icon_element-align-left\"><div class=\"vc_icon_element-inner vc_icon_element-color-green vc_icon_element-size-md vc_icon_element-style- vc_icon_element-background-color-grey\" ><span class=\"vc_icon_element-icon fas fa-wifi\" ><\/span><\/div><\/div>\n\t<div class=\"wpb_text_column wpb_content_element vc_custom_1729766547670 ovic_vc_custom_671b60e06be28 vc_custom_1729766547670 \" >\n\t\t<div class=\"wpb_wrapper\">\n\t\t\t<h3>Foro online previo<\/h3>\n\n\t\t<\/div>\n\t<\/div>\n\n\t<div class=\"wpb_text_column wpb_content_element ovic_vc_custom_671b60e06be29 \" >\n\t\t<div class=\"wpb_wrapper\">\n\t\t\t<p>La ciudadan\u00eda puede acceder a un foro en l\u00ednea utilizando su DNI a la plataforma de debate, donde podr\u00e1n compartir sus opiniones y sugerencias sobre los temas que consideran prioritarios para el desarrollo del valle. Este foro estar\u00e1 abierto antes de las sesiones presenciales, brindando una oportunidad para participar de manera flexible.<\/p>\n\n\t\t<\/div>\n\t<\/div>\n<div class=\"vc_btn3-container vc_btn3-inline vc_custom_1729766917154 ovic_vc_custom_671b60e06be2a\" ><a class=\"vc_general vc_btn3 vc_btn3-size-lg vc_btn3-shape-square vc_btn3-style-modern vc_btn3-icon-right vc_btn3-color-success ovic_vc_custom_671b60e06be2a\" href=\"https:\/\/jpi.fitfox.app\/actividad\/13\" title=\"\" target=\"_blank\">ACCEDE AL FORO <i class=\"vc_btn3-icon fas fa-angle-double-right\"><\/i><\/a><\/div><\/div><\/div><\/div><div class=\"wpb_column vc_column_container vc_col-sm-6\"><div class=\"vc_column-inner\"><div class=\"wpb_wrapper\"><div class=\"vc_icon_element vc_icon_element-outer ovic_vc_custom_671b60e06be2b vc_icon_element-align-left\"><div class=\"vc_icon_element-inner vc_icon_element-color-green vc_icon_element-size-md vc_icon_element-style- vc_icon_element-background-color-grey\" ><span class=\"vc_icon_element-icon far fa-calendar\" ><\/span><\/div><\/div>\n\t<div class=\"wpb_text_column wpb_content_element vc_custom_1729766732606 ovic_vc_custom_671b60e06be2c vc_custom_1729766732606 \" >\n\t\t<div class=\"wpb_wrapper\">\n\t\t\t<h3>Sesiones presenciales<\/h3>\n\n\t\t<\/div>\n\t<\/div>\n\n\t<div class=\"wpb_text_column wpb_content_element ovic_vc_custom_671b60e06be2d \" >\n\t\t<div class=\"wpb_wrapper\">\n\t\t\t<p>Adem\u00e1s del foro en l\u00ednea, se llevar\u00e1n a cabo dos sesiones participativas presenciales, donde los vecinos y vecinas podr\u00e1n compartir sus ideas en un entorno de di\u00e1logo abierto. Estas sesiones tendr\u00e1n lugar en:<\/p>\n<h5><span style=\"color: #339966;\">5 de noviembre a las 18:00 en Zubiri (Betargi).<\/span><br \/>\n<span style=\"color: #339966;\">7 de noviembre a las 18:00 en Eugi (Centro C\u00edvico).<\/span><\/h5>\n<p>Durante estas sesiones, se organizar\u00e1n mesas de trabajo para discutir los principales temas del plan, como vivienda, empleo, servicios p\u00fablicos y sostenibilidad. Las propuestas generadas en estas mesas ser\u00e1n fundamentales para definir el plan final, que comenzar\u00e1 a implementarse en 2025.<\/p>\n\n\t\t<\/div>\n\t<\/div>\n<\/div><\/div><\/div><\/div><\/div><\/div><\/div><\/div><div class=\"vc_row wpb_row vc_row-fluid vc_custom_1729765732581 vc_row-has-fill vc_column-gap-20 vc_row-o-content-bottom vc_row-flex ovic_vc_custom_671b60e06be2e vc_custom_1729765732581\"><div class=\"wpb_column vc_column_container vc_col-sm-12 ovic_vc_custom_671b60e06be2f vc_custom_1729767045204\"><div class=\"vc_column-inner vc_custom_1729767045204\"><div class=\"wpb_wrapper\">\n\t<div class=\"wpb_text_column wpb_content_element ovic_vc_custom_671b60e06be30 \" >\n\t\t<div class=\"wpb_wrapper\">\n\t\t\t<h3 style=\"text-align: left;\">\u00bfEn qu\u00e9 ejes se organiza el plan?<\/h3>\n<p style=\"text-align: left;\">El plan Esteribar Bizi se basa en tres pilares fundamentales para mejorar nuestro valle y la vida de todas las personas que vivimos aqu\u00ed: vivienda, empleo y servicios p\u00fablicos. Estos temas son fundamentales para que nuestro valle crezca de manera sostenible y para asegurar que tanto nosotros como las futuras generaciones podamos disfrutar de un Esteribar m\u00e1s fuerte, m\u00e1s unido y con m\u00e1s oportunidades. Queremos hacerlo de una manera que refleje qui\u00e9nes somos y lo que queremos ser como comunidad. \u00a1Queremos que toda la ciudadan\u00eda participe y nos ayude a construir este futuro!<\/p>\n\n\t\t<\/div>\n\t<\/div>\n<div class=\"vc_row wpb_row vc_inner vc_row-fluid\"><div class=\"wpb_column vc_column_container vc_col-sm-4\"><div class=\"vc_column-inner\"><div class=\"wpb_wrapper\">\n\t<div class=\"wpb_text_column wpb_content_element ovic_vc_custom_671b60e06be31 \" >\n\t\t<div class=\"wpb_wrapper\">\n\t\t\t<h4>Vivienda<\/h4>\n<p>Tener acceso a una vivienda adecuada y asequible es esencial para que las personas puedan vivir dignamente y para que nuestro valle siga siendo un lugar atractivo donde quedarse y crecer.<\/p>\n\n\t\t<\/div>\n\t<\/div>\n<\/div><\/div><\/div><div class=\"wpb_column vc_column_container vc_col-sm-4\"><div class=\"vc_column-inner\"><div class=\"wpb_wrapper\">\n\t<div class=\"wpb_text_column wpb_content_element ovic_vc_custom_671b60e06be32 \" >\n\t\t<div class=\"wpb_wrapper\">\n\t\t\t<h4>Empleo y Emprendimiento<\/h4>\n<p>El empleo es esencial para mantener la vida en nuestro valle. Si queremos que nuestro valle crezca y se mantenga fuerte, necesitamos generar m\u00e1s y mejores oportunidades laborales para todas las personas.<\/p>\n\n\t\t<\/div>\n\t<\/div>\n<\/div><\/div><\/div><div class=\"wpb_column vc_column_container vc_col-sm-4\"><div class=\"vc_column-inner\"><div class=\"wpb_wrapper\">\n\t<div class=\"wpb_text_column wpb_content_element ovic_vc_custom_671b60e06be33 \" >\n\t\t<div class=\"wpb_wrapper\">\n\t\t\t<h4>Servicios P\u00fablicos<\/h4>\n<p>Contar con servicios p\u00fablicos de calidad es esencial para el bienestar y la cohesi\u00f3n de cualquier comunidad. En Esteribar, asegurar que todos los vecinos, especialmente los colectivos m\u00e1s vulnerables como personas mayores, familias y ni\u00f1os, tengan acceso a servicios adecuados es prioritario. Los servicios sociales, educativos y sanitarios son fundamentales para garantizar una vida digna y plena en el valle.<\/p>\n\n\t\t<\/div>\n\t<\/div>\n<\/div><\/div><\/div><\/div><\/div><\/div><\/div><\/div><div class=\"vc_row wpb_row vc_row-fluid vc_custom_1729768089262 vc_row-has-fill vc_column-gap-20 vc_row-o-content-bottom vc_row-flex ovic_vc_custom_671b60e06be34 vc_custom_1729768089262\"><div class=\"wpb_column vc_column_container vc_col-sm-6 ovic_vc_custom_671b60e06be35\"><div class=\"vc_column-inner\"><div class=\"wpb_wrapper\">\n\t<div class=\"wpb_text_column wpb_content_element ovic_vc_custom_671b60e06be36 \" >\n\t\t<div class=\"wpb_wrapper\">\n\t\t\t<h3>\u00bfPor qu\u00e9 es importante participar?<\/h3>\n<p>El desarrollo del valle: un proyecto de todos estos tres pilares\u2014vivienda, empleo y servicios p\u00fablicos\u2014est\u00e1n estrechamente relacionados. Al mejorar uno de ellos, se benefician los otros, y con el trabajo en conjunto podemos lograr un desarrollo integral del valle. Este es un proyecto que necesita de la participaci\u00f3n de toda la ciudadan\u00eda. Queremos que aportes tus ideas, que formes parte de este plan y que juntos construyamos un Esteribar m\u00e1s fuerte y m\u00e1s preparado.<\/p>\n<p>Estamos en un momento clave para construir el futuro de nuestro valle. Las decisiones que se tomen ahora no solo afectar\u00e1n a nuestra vida presente, sino que definir\u00e1n el rumbo de Esteribar para los pr\u00f3ximos a\u00f1os. Este proceso participativo nos da la oportunidad de ser protagonistas del cambio, de expresar nuestras necesidades y deseos, y de contribuir activamente a dise\u00f1ar el valle en el que queremos vivir.<\/p>\n<p>Lo que se decida en este plan se convertir\u00e1 en la hoja de ruta que guiar\u00e1 las pol\u00edticas p\u00fablicas en \u00e1reas tan importantes como la vivienda, el empleo y los servicios p\u00fablicos. Si no participamos ahora, corremos el riesgo de que nuestras preocupaciones o propuestas no se tengan en cuenta, lo que puede afectar directamente a nuestro bienestar futuro. Tu voz es importante, y este es el momento de utilizarla para garantizar que el desarrollo del valle sea fiel a las necesidades de quienes vivimos aqu\u00ed.<\/p>\n\n\t\t<\/div>\n\t<\/div>\n<\/div><\/div><\/div><div class=\"wpb_column vc_column_container vc_col-sm-6 vc_col-has-fill ovic_vc_custom_671b60e06be37 vc_custom_1729768307406 vc_custom_1729768307429\"><div class=\"vc_column-inner vc_custom_1729768307406\"><div class=\"wpb_wrapper\">\n\t<div  class=\"wpb_single_image wpb_content_element vc_align_left ovic_vc_custom_671b60e06be38\">\n\t\t\n\t\t<figure class=\"wpb_wrapper vc_figure\">\n\t\t\t<div class=\"vc_single_image-wrapper   vc_box_border_grey\"><img loading=\"lazy\" decoding=\"async\" width=\"570\" height=\"570\" src=\"https:\/\/www.esteribar.org\/esteribar.esp\/wp-content\/uploads\/2024\/10\/zubiri.jpg\" class=\"vc_single_image-img attachment-full\" alt=\"\" srcset=\"https:\/\/www.esteribar.org\/esteribar.esp\/wp-content\/uploads\/2024\/10\/zubiri.jpg 570w, https:\/\/www.esteribar.org\/esteribar.esp\/wp-content\/uploads\/2024\/10\/zubiri-300x300.jpg 300w, https:\/\/www.esteribar.org\/esteribar.esp\/wp-content\/uploads\/2024\/10\/zubiri-150x150.jpg 150w\" sizes=\"auto, (max-width: 570px) 100vw, 570px\" \/><\/div>\n\t\t<\/figure>\n\t<\/div>\n<\/div><\/div><\/div><\/div>\n","protected":false},"excerpt":{"rendered":"PLAN ESTRAT\u00c9GICO DEL VALLE \u00bfQu\u00e9 es el plan? Esteribar Bizi es un plan estrat\u00e9gico impulsado por el Ayuntamiento del Valle de Esteribar con el objetivo de dise\u00f1ar y construir el futuro del valle de manera conjunta con sus habitantes. El plan, que se desarrollar\u00e1 durante los pr\u00f3ximos 15 a\u00f1os, surge de la necesidad de abordar [...]","protected":false},"author":2,"featured_media":12804,"parent":0,"menu_order":0,"comment_status":"closed","ping_status":"closed","template":"","meta":{"footnotes":""},"class_list":["post-12794","page","type-page","status-publish","has-post-thumbnail","hentry"],"_links":{"self":[{"href":"https:\/\/www.esteribar.org\/esteribar.esp\/wp-json\/wp\/v2\/pages\/12794","targetHints":{"allow":["GET"]}}],"collection":[{"href":"https:\/\/www.esteribar.org\/esteribar.esp\/wp-json\/wp\/v2\/pages"}],"about":[{"href":"https:\/\/www.esteribar.org\/esteribar.esp\/wp-json\/wp\/v2\/types\/page"}],"author":[{"embeddable":true,"href":"https:\/\/www.esteribar.org\/esteribar.esp\/wp-json\/wp\/v2\/users\/2"}],"replies":[{"embeddable":true,"href":"https:\/\/www.esteribar.org\/esteribar.esp\/wp-json\/wp\/v2\/comments?post=12794"}],"version-history":[{"count":5,"href":"https:\/\/www.esteribar.org\/esteribar.esp\/wp-json\/wp\/v2\/pages\/12794\/revisions"}],"predecessor-version":[{"id":12809,"href":"https:\/\/www.esteribar.org\/esteribar.esp\/wp-json\/wp\/v2\/pages\/12794\/revisions\/12809"}],"wp:featuredmedia":[{"embeddable":true,"href":"https:\/\/www.esteribar.org\/esteribar.esp\/wp-json\/wp\/v2\/media\/12804"}],"wp:attachment":[{"href":"https:\/\/www.esteribar.org\/esteribar.esp\/wp-json\/wp\/v2\/media?parent=12794"}],"curies":[{"name":"wp","href":"https:\/\/api.w.org\/{rel}","templated":true}]}}